{"id":41,"date":"2017-04-17T13:07:51","date_gmt":"2017-04-17T16:07:51","guid":{"rendered":"http:\/\/www.quimica.ufpr.br\/paginas\/profqui\/?page_id=41"},"modified":"2025-03-10T17:28:06","modified_gmt":"2025-03-10T20:28:06","slug":"sobre-o-profqui","status":"publish","type":"page","link":"http:\/\/www.quimica.ufpr.br\/paginas\/profqui\/sobre-o-profqui\/","title":{"rendered":"Apresenta\u00e7\u00e3o"},"content":{"rendered":"<h2 style=\"text-align: center\"><strong>O PROFQUI<\/strong><\/h2>\n<p style=\"text-align: left\">O Mestrado Profissional em Qu\u00edmica em Rede Nacional \u2013 PROFQUI \u00e9 um programa de p\u00f3s-gradua\u00e7\u00e3o semipresencial, stricto sensu, na modalidade mestrado profissional na \u00e1rea de Qu\u00edmica com oferta nacional.<\/p>\n<p style=\"text-align: left\">\u00c9 formado por uma rede de Institui\u00e7\u00f5es de Ensino Superior, no \u00e2mbito do Programa de Mestrado Profissional para Professores da Educa\u00e7\u00e3o B\u00e1sica (ProEB)\/Coordena\u00e7\u00e3o de Aperfei\u00e7oamento de Pessoal de N\u00edvel Superior (CAPES), e coordenado pelo Instituto de Qu\u00edmica da Universidade Federal do Rio de Janeiro, tendo a cogest\u00e3o da Sociedade Brasileira de Qu\u00edmica (SBQ) e o apoio das Institui\u00e7\u00f5es Associadas.<\/p>\n<p style=\"text-align: center\"><a href=\"http:\/\/profqui.iq.ufrj.br\/\" target=\"_blank\" rel=\"noopener noreferrer\">profqui.iq.ufrj.br<\/a><\/p>\n<p style=\"text-align: center\">\n","protected":false},"excerpt":{"rendered":"<p>O PROFQUI O Mestrado Profissional em Qu\u00edmica em Rede Nacional \u2013 PROFQUI \u00e9 um programa de p\u00f3s-gradua\u00e7\u00e3o semipresencial, stricto sensu, na modalidade mestrado profissional na \u00e1rea de Qu\u00edmica com oferta nacional. \u00c9 formado por uma rede de Institui\u00e7\u00f5es de Ensino Superior, no \u00e2mbito do Programa de Mestrado Profissional para Professores da Educa\u00e7\u00e3o B\u00e1sica (ProEB)\/Coordena\u00e7\u00e3o de&hellip;<\/p>\n","protected":false},"author":8,"featured_media":0,"parent":0,"menu_order":0,"comment_status":"closed","ping_status":"closed","template":"","meta":{"footnotes":""},"class_list":["post-41","page","type-page","status-publish","hentry"],"_links":{"self":[{"href":"http:\/\/www.quimica.ufpr.br\/paginas\/profqui\/wp-json\/wp\/v2\/pages\/41","targetHints":{"allow":["GET"]}}],"collection":[{"href":"http:\/\/www.quimica.ufpr.br\/paginas\/profqui\/wp-json\/wp\/v2\/pages"}],"about":[{"href":"http:\/\/www.quimica.ufpr.br\/paginas\/profqui\/wp-json\/wp\/v2\/types\/page"}],"author":[{"embeddable":true,"href":"http:\/\/www.quimica.ufpr.br\/paginas\/profqui\/wp-json\/wp\/v2\/users\/8"}],"replies":[{"embeddable":true,"href":"http:\/\/www.quimica.ufpr.br\/paginas\/profqui\/wp-json\/wp\/v2\/comments?post=41"}],"version-history":[{"count":12,"href":"http:\/\/www.quimica.ufpr.br\/paginas\/profqui\/wp-json\/wp\/v2\/pages\/41\/revisions"}],"predecessor-version":[{"id":317,"href":"http:\/\/www.quimica.ufpr.br\/paginas\/profqui\/wp-json\/wp\/v2\/pages\/41\/revisions\/317"}],"wp:attachment":[{"href":"http:\/\/www.quimica.ufpr.br\/paginas\/profqui\/wp-json\/wp\/v2\/media?parent=41"}],"curies":[{"name":"wp","href":"https:\/\/api.w.org\/{rel}","templated":true}]}}