{"id":200,"date":"2020-04-03T19:28:12","date_gmt":"2020-04-03T22:28:12","guid":{"rendered":"http:\/\/www.quimica.ufpr.br\/paginas\/gpmin\/?page_id=200"},"modified":"2022-09-14T13:46:45","modified_gmt":"2022-09-14T16:46:45","slug":"atuais","status":"publish","type":"page","link":"http:\/\/www.quimica.ufpr.br\/paginas\/gpmin\/membros-do-gpmin\/atuais\/","title":{"rendered":"Profa. Dra. Izabel Riegel-Vidotti"},"content":{"rendered":"<div id=\"pl-200\"  class=\"panel-layout\" ><div id=\"pg-200-0\"  class=\"panel-grid panel-no-style\" ><div id=\"pgc-200-0-0\"  class=\"panel-grid-cell\" ><div id=\"panel-200-0-0-0\" class=\"widget_text so-panel widget widget_custom_html panel-first-child panel-last-child\" data-index=\"0\" ><div class=\"textwidget custom-html-widget\"><h3> <p align=\"center\"> Orienta\u00e7\u00f5es\t<\/p>  <\/h3><\/div><\/div><\/div><\/div><div id=\"pg-200-1\"  class=\"panel-grid panel-no-style\" ><div id=\"pgc-200-1-0\"  class=\"panel-grid-cell\" ><div id=\"panel-200-1-0-0\" class=\"widget_text so-panel widget widget_custom_html panel-first-child panel-last-child\" data-index=\"1\" ><div class=\"textwidget custom-html-widget\"><br \/>\n<h3>Doutorado<\/h3><\/div><\/div><\/div><\/div><div id=\"pg-200-2\"  class=\"panel-grid panel-no-style\" ><div id=\"pgc-200-2-0\"  class=\"panel-grid-cell\" ><div id=\"panel-200-2-0-0\" class=\"so-panel widget panel-first-child panel-last-child\" data-index=\"2\" ><\/div><\/div><div id=\"pgc-200-2-1\"  class=\"panel-grid-cell\" ><div id=\"panel-200-2-1-0\" class=\"widget_text so-panel widget widget_custom_html panel-first-child panel-last-child\" data-index=\"3\" ><div class=\"textwidget custom-html-widget\"><h3>Ana Caroline Jaski<\/h3>\n<ul style=\"list-style-type: circle\">\n\t<li>Aluna de Doutorado (in\u00edcio em 2019)<\/li>\n\t<li>Orientador: Izabel C. Riegel-Vidotti<\/li>\n\t\t<li>Coorientadores: Lizandra Maria Zimmermann (FURB) e Bruno Jos\u00e9 Gon\u00e7alves da Silva <\/li>\n\t<li>Projeto: Hidrog\u00e9is baseados em poli (\u00e1lcool) vin\u00edlico\/ze\u00edna\/pontos qu\u00e2nticos aplicados na detec\u00e7\u00e3o e fotodegrada\u00e7\u00e3o de contaminantes<\/li>\n<\/ul>\n<p align=\"justify\">\nSobre a Ana Carol: \u201cAna Carol \u00e9 graduada em qu\u00edmica pela Universidade Estadual do Centro-Oeste (UNICENTRO) (2013-2016). Durante a gradua\u00e7\u00e3o foi bolsista do Programa Institucional de Bolsa de Inicia\u00e7\u00e3o \u00e0 Doc\u00eancia (PIBID) (2013-2015). Entre 2015 e 2016 desenvolveu um projeto de inicia\u00e7\u00e3o cient\u00edfica na \u00e1rea de qu\u00edmica anal\u00edtica. Em 2017 iniciou seu mestrado no GPMIn, sob a orienta\u00e7\u00e3o da professora Izabel, em que estudou hidrog\u00e9is preparados a base de poli (\u00e1lcool vin\u00edlico) e diferentes pectinas, para ser utilizado na extra\u00e7\u00e3o de poluentes de amostras de \u00e1gua. Em 2019 iniciou o seu projeto de doutorado, onde estuda o desenvolvimento de hidrog\u00e9is baseados em poli (\u00e1lcool) vin\u00edlico\/ze\u00edna\/pontos qu\u00e2nticos de \u00f3xido de zinco aplicados na detec\u00e7\u00e3o e fotodegrada\u00e7\u00e3o de contaminantes. Quando n\u00e3o est\u00e1 estudando, Ana Carol normalmente est\u00e1 viajando para visitar a fam\u00edlia ou ent\u00e3o em casa assistindo s\u00e9ries e pensando no que tem pra jantar.\"\n<\/p><\/div><\/div><\/div><\/div><div id=\"pg-200-3\"  class=\"panel-grid panel-no-style\" ><div id=\"pgc-200-3-0\"  class=\"panel-grid-cell\" ><div id=\"panel-200-3-0-0\" class=\"so-panel widget panel-first-child panel-last-child\" data-index=\"4\" ><\/div><\/div><div id=\"pgc-200-3-1\"  class=\"panel-grid-cell\" ><div id=\"panel-200-3-1-0\" class=\"widget_text so-panel widget widget_custom_html panel-first-child panel-last-child\" data-index=\"5\" ><div class=\"textwidget custom-html-widget\"><h3>Ma\u00edra Theisen<\/h3>\n<ul style=\"list-style-type: circle\">\n\t<li>Aluna de Doutorado (in\u00edcio: 2019)<\/li>\n\t<li>Orientador: Izabel Riegel-Vidotti<\/li>\n\t<li>Coorientadores: Heloise R. de Barros e Leandro Piovan<\/li>\n\t<li>Projeto: Obten\u00e7\u00e3o de nanopart\u00edculas de ouro funcionalizadas com copol\u00edmero poli(N-isopropilacrilamida)-pectina e lipase de Candida antarctica (CALB)<\/li>\n<\/ul>\n<p align=\"justify\">\n\tSobre a Ma\u00edra: \u201cMa\u00edra formou-se em Qu\u00edmica Bacharelado pela Universidade Federal do Rio Grande do Sul em 2013. Durante a gradua\u00e7\u00e3o realizou inicia\u00e7\u00e3o cient\u00edfica na \u00e1rea de Qu\u00edmica Computacional, tendo estudado a intera\u00e7\u00e3o entre mol\u00e9culas e membranas bacterianas via Din\u00e2mica Molecular. Realizou o mestrado em Ci\u00eancia dos Materiais (2014-2017) na mesma institui\u00e7\u00e3o desenvolvendo simula\u00e7\u00f5es de Din\u00e2mica Molecular para o pol\u00edmero PVA funcionalizado com um tripept\u00eddeo. Atualmente desenvolve o projeto de doutorado sob a orienta\u00e7\u00e3o da prof. Izabel Riegel-Vidotti, no qual estuda a obten\u00e7\u00e3o de um nanomaterial h\u00edbrido para regula\u00e7\u00e3o de atividade enzim\u00e1tica. Em seu tempo livre gosta de ler, assistir filmes\/s\u00e9ries, jogar videogame e jogos de tabuleiro.\u201d\n<\/p><\/div><\/div><\/div><\/div><div id=\"pg-200-4\"  class=\"panel-grid panel-no-style\" ><div id=\"pgc-200-4-0\"  class=\"panel-grid-cell\" ><div id=\"panel-200-4-0-0\" class=\"so-panel widget panel-first-child panel-last-child\" data-index=\"6\" ><\/div><\/div><div id=\"pgc-200-4-1\"  class=\"panel-grid-cell\" ><div id=\"panel-200-4-1-0\" class=\"widget_text so-panel widget widget_custom_html panel-first-child panel-last-child\" data-index=\"7\" ><div class=\"textwidget custom-html-widget\"><h3>Sabrina Hochheim <\/h3>\n<ul style=\"list-style-type: circle\">\n\t<li>Aluna de Doutorado (in\u00edcio em 2018)<\/li>\n\t<li>Orientador: Izabel Riegel-Vidotti<\/li>\n\t<li>Projeto: Encapsula\u00e7\u00e3o de pr\u00f3polis e\/ou suas fra\u00e7\u00f5es com vistas \u00e0 aplica\u00e7\u00e3o biom\u00e9dica <\/li>\n<\/ul>\n<p align=\"justify\">\n\tSobre a Sabrina: \"Possui gradua\u00e7\u00e3o em Farm\u00e1cia e Bioqu\u00edmica, mestrado em Qu\u00edmica pela Funda\u00e7\u00e3o Universidade Regional de Blumenau (2015) com \u00eanfase em Produtos Naturais, onde realizou sua pesquisa na caracteriza\u00e7\u00e3o qu\u00edmica da Pr\u00f3polis e em suas atividades biol\u00f3gicas. Atualmente \u00e9 doutoranda na UFPR sob a orienta\u00e7\u00e3o da prof. Izabel Cristina Vidotti. Seu projeto visa sintetizar nanodispositivos a partir de biopol\u00edmeros naturais com o objetivo de prolongar e potencializar as atividades biol\u00f3gicas da pr\u00f3polis. Participou de quatro meses de doutorado sandu\u00edche na Instituto de nanotecnologia na cidade de Lecce (It\u00e1lia), sob a orienta\u00e7\u00e3o da prof. Loretta del Mercatto. Sabrina adora cuidar da sa\u00fade fazendo trilhas e cozinhando comidas saud\u00e1veis. \u00c9 apaixonada por estudar o lado cient\u00edfico dos cosm\u00e9ticos e da aromaterapia.\"\n\n<\/p><\/div><\/div><\/div><\/div><div id=\"pg-200-5\"  class=\"panel-grid panel-no-style\" ><div id=\"pgc-200-5-0\"  class=\"panel-grid-cell\" ><div id=\"panel-200-5-0-0\" class=\"widget_text so-panel widget widget_custom_html panel-first-child panel-last-child\" data-index=\"8\" ><div class=\"textwidget custom-html-widget\"><h3>Mestrado<\/h3><\/div><\/div><\/div><\/div><div id=\"pg-200-6\"  class=\"panel-grid panel-no-style\" ><div id=\"pgc-200-6-0\"  class=\"panel-grid-cell\" ><div id=\"panel-200-6-0-0\" class=\"so-panel widget panel-first-child panel-last-child\" data-index=\"9\" ><\/div><\/div><div id=\"pgc-200-6-1\"  class=\"panel-grid-cell\" ><div id=\"panel-200-6-1-0\" class=\"widget_text so-panel widget widget_custom_html panel-first-child panel-last-child\" data-index=\"10\" ><div class=\"textwidget custom-html-widget\"><h3>Renata Pinheiro Sanches<\/h3>\n<ul style=\"list-style-type: circle\">\n\t<li>Aluna de Mestrado (in\u00edcio em 2020)<\/li>\n\t<li>Orientador: Izabel Riegel-Vidotti<\/li>\n\t<li>Coorientadora: Marcelo Beltr\u00e3o Molento (Dpto de medicina veterin\u00e1ria) <\/li>\n\t<li>- Projeto: C\u00e1psulas para a libera\u00e7\u00e3o controlada de ativos para tratamento de ectoparasitas em ruminantes. <\/li>\n<\/ul>\n<p align=\"justify\">\n\tSobre a Renata: \"Renata \u00e9 formada em Bacharelado em Qu\u00edmica Tecnol\u00f3gica pela Universidade Estadual de Campinas (2017). Realizou atividades de inicia\u00e7\u00e3o cient\u00edfica nas \u00e1reas de Qu\u00edmica de Coordena\u00e7\u00e3o e Espectroscopia de Massas. Na ind\u00fastria, atuou aproximadamente por dois anos como estagiaria de produ\u00e7\u00e3o na Boehringer Ingelheim e dois anos como analista da garantia da qualidade na Chemyunion. Atualmente \u00e9 mestranda no Programa de P\u00f3s-Gradua\u00e7\u00e3o em Qu\u00edmica da Universidade Federal do Paran\u00e1 sob orienta\u00e7\u00e3o da professora Dr\u00aa Izabel C. Riegel-Vidotti, estudando o desenvolvimento de c\u00e1psulas para libera\u00e7\u00e3o controlada de ativos para o tratamento de ectoparasitas em ruminantes. Nas horas vagas, Renata gosta de ler, cozinhar, ficar com a fam\u00edlia\/amigos e passear com o pet.\"\n<\/p><\/div><\/div><\/div><\/div><div id=\"pg-200-7\"  class=\"panel-grid panel-no-style\" ><div id=\"pgc-200-7-0\"  class=\"panel-grid-cell\" ><div id=\"panel-200-7-0-0\" class=\"widget_text so-panel widget widget_custom_html panel-first-child panel-last-child\" data-index=\"11\" ><div class=\"textwidget custom-html-widget\"><h3> <p align=\"center\"> Coorienta\u00e7\u00f5es\t<\/p>  <\/h3>\n<h3>Doutorado<\/h3><\/div><\/div><\/div><\/div><div id=\"pg-200-8\"  class=\"panel-grid panel-no-style\" ><div id=\"pgc-200-8-0\"  class=\"panel-grid-cell\" ><div id=\"panel-200-8-0-0\" class=\"so-panel widget panel-first-child panel-last-child\" data-index=\"12\" ><\/div><\/div><div id=\"pgc-200-8-1\"  class=\"panel-grid-cell\" ><div id=\"panel-200-8-1-0\" class=\"widget_text so-panel widget widget_custom_html panel-first-child panel-last-child\" data-index=\"13\" ><div class=\"textwidget custom-html-widget\"><h3>Renata Pinho Morais <\/h3>\n<ul style=\"list-style-type: circle\">\n\t<li>Aluna de Doutorado (in\u00edcio em 2019)<\/li>\n\t<li>Orientadora: Cl\u00e1udia Marino (dpto. de engenharia mec\u00e2nica)<\/li>\n\t<li>Coorientadora: Izabel Riegel-Vidotti<\/li>\n\t<li>- Projeto: Sistemas h\u00edbridos responsivos ao pH de s\u00edlica\/quitosana e de s\u00edlica\/alginato visando encapsular a fra\u00e7\u00e3o acetato de etila do extrato de Barbatim\u00e3o para o tratamento de hirsutismo.<\/li>\n<\/ul>\n<p align=\"justify\">\n\tSobre a Renata: \"\u00c9 farmac\u00eautica formada pela Universidade Tiradentes (2017) em Aracaju\/SE. Durante a gradua\u00e7\u00e3o participou de quatro inicia\u00e7\u00f5es cient\u00edficas com trabalhos voltados a nanotecnologia. \u00c9 mestra em Biotecnologia Industrial pela Universidade Tiradentes (2020), Aracaju\/SE, onde trabalhou com desenvolvimento de nanotubos de carbono funcionalizados com o flavonoide naringenina. Atualmente \u00e9 doutoranda em Engenharia e Ci\u00eancia dos Materiais na Universidade Federal do Paran\u00e1, Curitiba\/PR desenvolvendo sistemas h\u00edbridos responsivos ao pH como uma forma de tratamento de hirsutismo. Nas horas vagas, Renata gosta de assistir s\u00e9ries, jogar Magic, ler e cozinhar.\"\n<\/p><\/div><\/div><\/div><\/div><div id=\"pg-200-9\"  class=\"panel-grid panel-no-style\" ><div id=\"pgc-200-9-0\"  class=\"panel-grid-cell\" ><div id=\"panel-200-9-0-0\" class=\"widget_text so-panel widget widget_custom_html panel-first-child panel-last-child\" data-index=\"14\" ><div class=\"textwidget custom-html-widget\"><h3>Inicia\u00e7\u00e3o Cient\u00edfica e Tecnol\u00f3gica<\/h3><\/div><\/div><\/div><\/div><div id=\"pg-200-10\"  class=\"panel-grid panel-no-style\" ><div id=\"pgc-200-10-0\"  class=\"panel-grid-cell\" ><div id=\"panel-200-10-0-0\" class=\"so-panel widget panel-first-child panel-last-child\" data-index=\"15\" ><\/div><\/div><div id=\"pgc-200-10-1\"  class=\"panel-grid-cell\" ><div id=\"panel-200-10-1-0\" class=\"widget_text so-panel widget widget_custom_html panel-first-child panel-last-child\" data-index=\"16\" ><div class=\"textwidget custom-html-widget\"><h3>Let\u00edcia Fonseca Balcewicz <\/h3>\n<ul style=\"list-style-type: circle\">\n\t<li>Aluna de Inicia\u00e7\u00e3o Cient\u00edfica (in\u00edcio em 2021)<\/li>\n\t<li>Orientadora: Izabel Riegel-Vidotti<\/li>\n\t<li>- Projeto: Obten\u00e7\u00e3o de micro\/nanoc\u00e1psulas est\u00edmulo-responsivas para libera\u00e7\u00e3o programada utilizando biomacromol\u00e9culas.<\/li>\n<\/ul>\n<p align=\"justify\">\n\tSobre a Let\u00edcia: \"\u00c9 graduanda do curso de Bacharelado e Licenciatura em Qu\u00edmica da Universidade Federal do Paran\u00e1. Na \u00e1rea de F\u00edsico-Qu\u00edmica, estudou emuls\u00f5es de Pickering em Voluntariado Acad\u00eamico na UFPR. Foi bolsista de ver\u00e3o e estagi\u00e1ria no Centro Nacional de Pesquisa em Energia e Materiais, desenvolvendo hidrog\u00e9is termorresponsivos a base de nanocelulose. No in\u00edcio de 2020, fez est\u00e1gio de inverno na Brno University of Technology, na Rep\u00fablica Tcheca, onde estudou a aplica\u00e7\u00e3o de t\u00e9cnicas de fluoresc\u00eancia para caracteriza\u00e7\u00e3o de sistemas vesiculares. Atualmente \u00e9 aluna de Inicia\u00e7\u00e3o Cient\u00edfica no GPMIn sob orienta\u00e7\u00e3o da professora Dr\u00aa Izabel Riegel-Vidotti, estudando a obten\u00e7\u00e3o de micro\/nanoc\u00e1psulas de alginato para libera\u00e7\u00e3o controlada de antibi\u00f3tico usado contra infec\u00e7\u00f5es decorrentes de cirurgias ortop\u00e9dicas que substituem articula\u00e7\u00f5es danificadas por pr\u00f3teses (artroplastias). Nas horas vagas, Let\u00edcia gosta de ficar com a fam\u00edlia e amigos, ler e assistir s\u00e9ries.\"\n<\/p><\/div><\/div><\/div><\/div><\/div>","protected":false},"excerpt":{"rendered":"<p>Orienta\u00e7\u00f5es DoutoradoAna Caroline Jaski Aluna de Doutorado (in\u00edcio em 2019) Orientador: Izabel C. Riegel-Vidotti Coorientadores: Lizandra Maria Zimmermann (FURB) e Bruno Jos\u00e9 Gon\u00e7alves da Silva Projeto: Hidrog\u00e9is baseados em poli (\u00e1lcool) vin\u00edlico\/ze\u00edna\/pontos qu\u00e2nticos aplicados na detec\u00e7\u00e3o e fotodegrada\u00e7\u00e3o de contaminantes Sobre a Ana Carol: \u201cAna Carol \u00e9 graduada em qu\u00edmica pela Universidade Estadual do Centro-Oeste [&hellip;]<\/p>\n","protected":false},"author":17,"featured_media":0,"parent":463,"menu_order":0,"comment_status":"closed","ping_status":"closed","template":"","meta":{"footnotes":""},"class_list":["post-200","page","type-page","status-publish","hentry"],"_links":{"self":[{"href":"http:\/\/www.quimica.ufpr.br\/paginas\/gpmin\/wp-json\/wp\/v2\/pages\/200","targetHints":{"allow":["GET"]}}],"collection":[{"href":"http:\/\/www.quimica.ufpr.br\/paginas\/gpmin\/wp-json\/wp\/v2\/pages"}],"about":[{"href":"http:\/\/www.quimica.ufpr.br\/paginas\/gpmin\/wp-json\/wp\/v2\/types\/page"}],"author":[{"embeddable":true,"href":"http:\/\/www.quimica.ufpr.br\/paginas\/gpmin\/wp-json\/wp\/v2\/users\/17"}],"replies":[{"embeddable":true,"href":"http:\/\/www.quimica.ufpr.br\/paginas\/gpmin\/wp-json\/wp\/v2\/comments?post=200"}],"version-history":[{"count":53,"href":"http:\/\/www.quimica.ufpr.br\/paginas\/gpmin\/wp-json\/wp\/v2\/pages\/200\/revisions"}],"predecessor-version":[{"id":1240,"href":"http:\/\/www.quimica.ufpr.br\/paginas\/gpmin\/wp-json\/wp\/v2\/pages\/200\/revisions\/1240"}],"up":[{"embeddable":true,"href":"http:\/\/www.quimica.ufpr.br\/paginas\/gpmin\/wp-json\/wp\/v2\/pages\/463"}],"wp:attachment":[{"href":"http:\/\/www.quimica.ufpr.br\/paginas\/gpmin\/wp-json\/wp\/v2\/media?parent=200"}],"curies":[{"name":"wp","href":"https:\/\/api.w.org\/{rel}","templated":true}]}}